{"id":3210,"date":"2024-11-13T05:56:53","date_gmt":"2024-11-13T05:56:53","guid":{"rendered":"https:\/\/www.grundschule-welheim.de\/?page_id=3210"},"modified":"2024-11-27T09:16:16","modified_gmt":"2024-11-27T09:16:16","slug":"schule-ohne-rassismus-schule-mit-courage","status":"publish","type":"page","link":"https:\/\/www.grundschule-welheim.de\/?page_id=3210","title":{"rendered":"Schule ohne Rassismus &#8211; Schule mit Courage im November 2024"},"content":{"rendered":"\n<p>Ab heute tragen wir stolz den Titel \u201eSchule ohne Rassismus \u2013 Schule mit Courage\u201c. Dieses Projekt steht f\u00fcr ein starkes gemeinsames Zeichen gegen Diskriminierung und f\u00fcr ein respektvolles Miteinander. Wir setzen uns aktiv daf\u00fcr ein, dass sich jeder in unserer Schulgemeinschaft willkommen, akzeptiert und sicher f\u00fchlt!<\/p>\n\n\n\n<p>Daf\u00fcr haben wir bereits vor einiger Zeit die Grundsteine gelegt, indem zum Beispiel alle an der Schule bei einer Wahl dar\u00fcber abgestimmt haben, in das Netzwerk \u201eSchule ohne Rassismus &#8211; Schule mit Courage\u201c aufgenommen zu werden.<\/p>\n\n\n\n<p>Heute fand dann endlich unsere gro\u00dfe Feier statt, an der alle Kinder und auch viele G\u00e4ste teilnahmen. Nach einem bunten B\u00fchnenprogramm, das von den Kindern modiert wurde, wurde das Schild enth\u00fcllt. Das Schild erinnert alle Schulmitglieder ab jetzt t\u00e4glich daran, dass wir uns dazu entschlossen haben, uns aktiv gegen Diskriminierung und Rassismus einzusetzen!<\/p>\n\n\n\n<figure class=\"wp-block-gallery columns-3 is-cropped wp-block-gallery-1 is-layout-flex wp-block-gallery-is-layout-flex\"><ul class=\"blocks-gallery-grid\"><li class=\"blocks-gallery-item\"><figure><a href=\"https:\/\/www.grundschule-welheim.de\/wp-content\/uploads\/2024\/11\/8efe4bfc-5c88-4396-8704-82c26303eab5-1024x768.jpg\"><img loading=\"lazy\" decoding=\"async\" width=\"1024\" height=\"768\" src=\"https:\/\/www.grundschule-welheim.de\/wp-content\/uploads\/2024\/11\/8efe4bfc-5c88-4396-8704-82c26303eab5-1024x768.jpg\" alt=\"\" data-id=\"3226\" data-link=\"https:\/\/www.grundschule-welheim.de\/?attachment_id=3226\" class=\"wp-image-3226\" srcset=\"https:\/\/www.grundschule-welheim.de\/wp-content\/uploads\/2024\/11\/8efe4bfc-5c88-4396-8704-82c26303eab5-1024x768.jpg 1024w, https:\/\/www.grundschule-welheim.de\/wp-content\/uploads\/2024\/11\/8efe4bfc-5c88-4396-8704-82c26303eab5-300x225.jpg 300w, https:\/\/www.grundschule-welheim.de\/wp-content\/uploads\/2024\/11\/8efe4bfc-5c88-4396-8704-82c26303eab5-768x576.jpg 768w, https:\/\/www.grundschule-welheim.de\/wp-content\/uploads\/2024\/11\/8efe4bfc-5c88-4396-8704-82c26303eab5-1536x1152.jpg 1536w, https:\/\/www.grundschule-welheim.de\/wp-content\/uploads\/2024\/11\/8efe4bfc-5c88-4396-8704-82c26303eab5.jpg 1600w\" sizes=\"auto, (max-width: 1024px) 100vw, 1024px\" \/><\/a><\/figure><\/li><li class=\"blocks-gallery-item\"><figure><a href=\"https:\/\/www.grundschule-welheim.de\/wp-content\/uploads\/2024\/11\/33b71460-e13f-4bc6-b4c1-564082631e06-768x1024.jpg\"><img loading=\"lazy\" decoding=\"async\" width=\"768\" height=\"1024\" src=\"https:\/\/www.grundschule-welheim.de\/wp-content\/uploads\/2024\/11\/33b71460-e13f-4bc6-b4c1-564082631e06-768x1024.jpg\" alt=\"\" data-id=\"3228\" data-link=\"https:\/\/www.grundschule-welheim.de\/?attachment_id=3228\" class=\"wp-image-3228\" srcset=\"https:\/\/www.grundschule-welheim.de\/wp-content\/uploads\/2024\/11\/33b71460-e13f-4bc6-b4c1-564082631e06-768x1024.jpg 768w, https:\/\/www.grundschule-welheim.de\/wp-content\/uploads\/2024\/11\/33b71460-e13f-4bc6-b4c1-564082631e06-225x300.jpg 225w, https:\/\/www.grundschule-welheim.de\/wp-content\/uploads\/2024\/11\/33b71460-e13f-4bc6-b4c1-564082631e06-1152x1536.jpg 1152w, https:\/\/www.grundschule-welheim.de\/wp-content\/uploads\/2024\/11\/33b71460-e13f-4bc6-b4c1-564082631e06.jpg 1200w\" sizes=\"auto, (max-width: 768px) 100vw, 768px\" \/><\/a><\/figure><\/li><li class=\"blocks-gallery-item\"><figure><a href=\"https:\/\/www.grundschule-welheim.de\/wp-content\/uploads\/2024\/11\/460e266c-f0ea-47b8-b642-e793e901b831-768x1024.jpg\"><img loading=\"lazy\" decoding=\"async\" width=\"768\" height=\"1024\" src=\"https:\/\/www.grundschule-welheim.de\/wp-content\/uploads\/2024\/11\/460e266c-f0ea-47b8-b642-e793e901b831-768x1024.jpg\" alt=\"\" data-id=\"3229\" data-link=\"https:\/\/www.grundschule-welheim.de\/?attachment_id=3229\" class=\"wp-image-3229\" srcset=\"https:\/\/www.grundschule-welheim.de\/wp-content\/uploads\/2024\/11\/460e266c-f0ea-47b8-b642-e793e901b831-768x1024.jpg 768w, https:\/\/www.grundschule-welheim.de\/wp-content\/uploads\/2024\/11\/460e266c-f0ea-47b8-b642-e793e901b831-225x300.jpg 225w, https:\/\/www.grundschule-welheim.de\/wp-content\/uploads\/2024\/11\/460e266c-f0ea-47b8-b642-e793e901b831-1152x1536.jpg 1152w, https:\/\/www.grundschule-welheim.de\/wp-content\/uploads\/2024\/11\/460e266c-f0ea-47b8-b642-e793e901b831.jpg 1200w\" sizes=\"auto, (max-width: 768px) 100vw, 768px\" \/><\/a><\/figure><\/li><li class=\"blocks-gallery-item\"><figure><a href=\"https:\/\/www.grundschule-welheim.de\/wp-content\/uploads\/2024\/11\/520aac4e-8361-4ffa-ba0f-1c248242fa6c-768x1024.jpg\"><img loading=\"lazy\" decoding=\"async\" width=\"768\" height=\"1024\" src=\"https:\/\/www.grundschule-welheim.de\/wp-content\/uploads\/2024\/11\/520aac4e-8361-4ffa-ba0f-1c248242fa6c-768x1024.jpg\" alt=\"\" data-id=\"3230\" data-link=\"https:\/\/www.grundschule-welheim.de\/?attachment_id=3230\" class=\"wp-image-3230\" srcset=\"https:\/\/www.grundschule-welheim.de\/wp-content\/uploads\/2024\/11\/520aac4e-8361-4ffa-ba0f-1c248242fa6c-768x1024.jpg 768w, https:\/\/www.grundschule-welheim.de\/wp-content\/uploads\/2024\/11\/520aac4e-8361-4ffa-ba0f-1c248242fa6c-225x300.jpg 225w, https:\/\/www.grundschule-welheim.de\/wp-content\/uploads\/2024\/11\/520aac4e-8361-4ffa-ba0f-1c248242fa6c-1152x1536.jpg 1152w, https:\/\/www.grundschule-welheim.de\/wp-content\/uploads\/2024\/11\/520aac4e-8361-4ffa-ba0f-1c248242fa6c.jpg 1200w\" sizes=\"auto, (max-width: 768px) 100vw, 768px\" \/><\/a><\/figure><\/li><li class=\"blocks-gallery-item\"><figure><a href=\"https:\/\/www.grundschule-welheim.de\/wp-content\/uploads\/2024\/11\/779fb641-08a5-41a1-8d63-9ab919804d1b-1024x768.jpg\"><img loading=\"lazy\" decoding=\"async\" width=\"1024\" height=\"768\" src=\"https:\/\/www.grundschule-welheim.de\/wp-content\/uploads\/2024\/11\/779fb641-08a5-41a1-8d63-9ab919804d1b-1024x768.jpg\" alt=\"\" data-id=\"3231\" data-link=\"https:\/\/www.grundschule-welheim.de\/?attachment_id=3231\" class=\"wp-image-3231\" srcset=\"https:\/\/www.grundschule-welheim.de\/wp-content\/uploads\/2024\/11\/779fb641-08a5-41a1-8d63-9ab919804d1b-1024x768.jpg 1024w, https:\/\/www.grundschule-welheim.de\/wp-content\/uploads\/2024\/11\/779fb641-08a5-41a1-8d63-9ab919804d1b-300x225.jpg 300w, https:\/\/www.grundschule-welheim.de\/wp-content\/uploads\/2024\/11\/779fb641-08a5-41a1-8d63-9ab919804d1b-768x576.jpg 768w, https:\/\/www.grundschule-welheim.de\/wp-content\/uploads\/2024\/11\/779fb641-08a5-41a1-8d63-9ab919804d1b-1536x1152.jpg 1536w, https:\/\/www.grundschule-welheim.de\/wp-content\/uploads\/2024\/11\/779fb641-08a5-41a1-8d63-9ab919804d1b.jpg 1600w\" sizes=\"auto, (max-width: 1024px) 100vw, 1024px\" \/><\/a><\/figure><\/li><li class=\"blocks-gallery-item\"><figure><a href=\"https:\/\/www.grundschule-welheim.de\/wp-content\/uploads\/2024\/11\/8426e796-ca93-4df1-872b-3a5f9788294e-768x1024.jpg\"><img loading=\"lazy\" decoding=\"async\" width=\"768\" height=\"1024\" src=\"https:\/\/www.grundschule-welheim.de\/wp-content\/uploads\/2024\/11\/8426e796-ca93-4df1-872b-3a5f9788294e-768x1024.jpg\" alt=\"\" data-id=\"3232\" data-link=\"https:\/\/www.grundschule-welheim.de\/?attachment_id=3232\" class=\"wp-image-3232\" srcset=\"https:\/\/www.grundschule-welheim.de\/wp-content\/uploads\/2024\/11\/8426e796-ca93-4df1-872b-3a5f9788294e-768x1024.jpg 768w, https:\/\/www.grundschule-welheim.de\/wp-content\/uploads\/2024\/11\/8426e796-ca93-4df1-872b-3a5f9788294e-225x300.jpg 225w, https:\/\/www.grundschule-welheim.de\/wp-content\/uploads\/2024\/11\/8426e796-ca93-4df1-872b-3a5f9788294e-1152x1536.jpg 1152w, https:\/\/www.grundschule-welheim.de\/wp-content\/uploads\/2024\/11\/8426e796-ca93-4df1-872b-3a5f9788294e.jpg 1200w\" sizes=\"auto, (max-width: 768px) 100vw, 768px\" \/><\/a><\/figure><\/li><li class=\"blocks-gallery-item\"><figure><a href=\"https:\/\/www.grundschule-welheim.de\/wp-content\/uploads\/2024\/11\/60280f27-df96-471b-9515-5a02d17ca504-1024x768.jpg\"><img loading=\"lazy\" decoding=\"async\" width=\"1024\" height=\"768\" src=\"https:\/\/www.grundschule-welheim.de\/wp-content\/uploads\/2024\/11\/60280f27-df96-471b-9515-5a02d17ca504-1024x768.jpg\" alt=\"\" data-id=\"3233\" data-link=\"https:\/\/www.grundschule-welheim.de\/?attachment_id=3233\" class=\"wp-image-3233\" srcset=\"https:\/\/www.grundschule-welheim.de\/wp-content\/uploads\/2024\/11\/60280f27-df96-471b-9515-5a02d17ca504-1024x768.jpg 1024w, https:\/\/www.grundschule-welheim.de\/wp-content\/uploads\/2024\/11\/60280f27-df96-471b-9515-5a02d17ca504-300x225.jpg 300w, https:\/\/www.grundschule-welheim.de\/wp-content\/uploads\/2024\/11\/60280f27-df96-471b-9515-5a02d17ca504-768x576.jpg 768w, https:\/\/www.grundschule-welheim.de\/wp-content\/uploads\/2024\/11\/60280f27-df96-471b-9515-5a02d17ca504-1536x1152.jpg 1536w, https:\/\/www.grundschule-welheim.de\/wp-content\/uploads\/2024\/11\/60280f27-df96-471b-9515-5a02d17ca504.jpg 1600w\" sizes=\"auto, (max-width: 1024px) 100vw, 1024px\" \/><\/a><\/figure><\/li><li class=\"blocks-gallery-item\"><figure><a href=\"https:\/\/www.grundschule-welheim.de\/wp-content\/uploads\/2024\/11\/68365978-d0b1-474a-86b0-dd827c9932aa-768x1024.jpg\"><img loading=\"lazy\" decoding=\"async\" width=\"768\" height=\"1024\" src=\"https:\/\/www.grundschule-welheim.de\/wp-content\/uploads\/2024\/11\/68365978-d0b1-474a-86b0-dd827c9932aa-768x1024.jpg\" alt=\"\" data-id=\"3234\" data-link=\"https:\/\/www.grundschule-welheim.de\/?attachment_id=3234\" class=\"wp-image-3234\" srcset=\"https:\/\/www.grundschule-welheim.de\/wp-content\/uploads\/2024\/11\/68365978-d0b1-474a-86b0-dd827c9932aa-768x1024.jpg 768w, https:\/\/www.grundschule-welheim.de\/wp-content\/uploads\/2024\/11\/68365978-d0b1-474a-86b0-dd827c9932aa-225x300.jpg 225w, https:\/\/www.grundschule-welheim.de\/wp-content\/uploads\/2024\/11\/68365978-d0b1-474a-86b0-dd827c9932aa-1152x1536.jpg 1152w, https:\/\/www.grundschule-welheim.de\/wp-content\/uploads\/2024\/11\/68365978-d0b1-474a-86b0-dd827c9932aa.jpg 1200w\" sizes=\"auto, (max-width: 768px) 100vw, 768px\" \/><\/a><\/figure><\/li><li class=\"blocks-gallery-item\"><figure><a href=\"https:\/\/www.grundschule-welheim.de\/wp-content\/uploads\/2024\/11\/a458e120-b601-402b-ab59-dd70e62a0159-1024x768.jpg\"><img loading=\"lazy\" decoding=\"async\" width=\"1024\" height=\"768\" src=\"https:\/\/www.grundschule-welheim.de\/wp-content\/uploads\/2024\/11\/a458e120-b601-402b-ab59-dd70e62a0159-1024x768.jpg\" alt=\"\" data-id=\"3235\" data-link=\"https:\/\/www.grundschule-welheim.de\/?attachment_id=3235\" class=\"wp-image-3235\" srcset=\"https:\/\/www.grundschule-welheim.de\/wp-content\/uploads\/2024\/11\/a458e120-b601-402b-ab59-dd70e62a0159-1024x768.jpg 1024w, https:\/\/www.grundschule-welheim.de\/wp-content\/uploads\/2024\/11\/a458e120-b601-402b-ab59-dd70e62a0159-300x225.jpg 300w, https:\/\/www.grundschule-welheim.de\/wp-content\/uploads\/2024\/11\/a458e120-b601-402b-ab59-dd70e62a0159-768x576.jpg 768w, https:\/\/www.grundschule-welheim.de\/wp-content\/uploads\/2024\/11\/a458e120-b601-402b-ab59-dd70e62a0159-1536x1152.jpg 1536w, https:\/\/www.grundschule-welheim.de\/wp-content\/uploads\/2024\/11\/a458e120-b601-402b-ab59-dd70e62a0159.jpg 1600w\" sizes=\"auto, (max-width: 1024px) 100vw, 1024px\" \/><\/a><\/figure><\/li><li class=\"blocks-gallery-item\"><figure><a href=\"https:\/\/www.grundschule-welheim.de\/wp-content\/uploads\/2024\/11\/c2fdf941-1e10-4287-8c6d-2ef01025338e-1024x768.jpg\"><img loading=\"lazy\" decoding=\"async\" width=\"1024\" height=\"768\" src=\"https:\/\/www.grundschule-welheim.de\/wp-content\/uploads\/2024\/11\/c2fdf941-1e10-4287-8c6d-2ef01025338e-1024x768.jpg\" alt=\"\" data-id=\"3236\" data-link=\"https:\/\/www.grundschule-welheim.de\/?attachment_id=3236\" class=\"wp-image-3236\" srcset=\"https:\/\/www.grundschule-welheim.de\/wp-content\/uploads\/2024\/11\/c2fdf941-1e10-4287-8c6d-2ef01025338e-1024x768.jpg 1024w, https:\/\/www.grundschule-welheim.de\/wp-content\/uploads\/2024\/11\/c2fdf941-1e10-4287-8c6d-2ef01025338e-300x225.jpg 300w, https:\/\/www.grundschule-welheim.de\/wp-content\/uploads\/2024\/11\/c2fdf941-1e10-4287-8c6d-2ef01025338e-768x576.jpg 768w, https:\/\/www.grundschule-welheim.de\/wp-content\/uploads\/2024\/11\/c2fdf941-1e10-4287-8c6d-2ef01025338e-1536x1152.jpg 1536w, https:\/\/www.grundschule-welheim.de\/wp-content\/uploads\/2024\/11\/c2fdf941-1e10-4287-8c6d-2ef01025338e.jpg 1600w\" sizes=\"auto, (max-width: 1024px) 100vw, 1024px\" \/><\/a><\/figure><\/li><li class=\"blocks-gallery-item\"><figure><a href=\"https:\/\/www.grundschule-welheim.de\/wp-content\/uploads\/2024\/11\/cf5013d8-98a3-47af-9fb8-93ce0b9681cc-768x1024.jpg\"><img loading=\"lazy\" decoding=\"async\" width=\"768\" height=\"1024\" src=\"https:\/\/www.grundschule-welheim.de\/wp-content\/uploads\/2024\/11\/cf5013d8-98a3-47af-9fb8-93ce0b9681cc-768x1024.jpg\" alt=\"\" data-id=\"3237\" data-link=\"https:\/\/www.grundschule-welheim.de\/?attachment_id=3237\" class=\"wp-image-3237\" srcset=\"https:\/\/www.grundschule-welheim.de\/wp-content\/uploads\/2024\/11\/cf5013d8-98a3-47af-9fb8-93ce0b9681cc-768x1024.jpg 768w, https:\/\/www.grundschule-welheim.de\/wp-content\/uploads\/2024\/11\/cf5013d8-98a3-47af-9fb8-93ce0b9681cc-225x300.jpg 225w, https:\/\/www.grundschule-welheim.de\/wp-content\/uploads\/2024\/11\/cf5013d8-98a3-47af-9fb8-93ce0b9681cc-1152x1536.jpg 1152w, https:\/\/www.grundschule-welheim.de\/wp-content\/uploads\/2024\/11\/cf5013d8-98a3-47af-9fb8-93ce0b9681cc.jpg 1200w\" sizes=\"auto, (max-width: 768px) 100vw, 768px\" \/><\/a><\/figure><\/li><li class=\"blocks-gallery-item\"><figure><a href=\"https:\/\/www.grundschule-welheim.de\/wp-content\/uploads\/2024\/11\/d9ce5697-ac9c-45e8-9375-4b817de379de-768x1024.jpg\"><img loading=\"lazy\" decoding=\"async\" width=\"768\" height=\"1024\" src=\"https:\/\/www.grundschule-welheim.de\/wp-content\/uploads\/2024\/11\/d9ce5697-ac9c-45e8-9375-4b817de379de-768x1024.jpg\" alt=\"\" data-id=\"3238\" data-link=\"https:\/\/www.grundschule-welheim.de\/?attachment_id=3238\" class=\"wp-image-3238\" srcset=\"https:\/\/www.grundschule-welheim.de\/wp-content\/uploads\/2024\/11\/d9ce5697-ac9c-45e8-9375-4b817de379de-768x1024.jpg 768w, https:\/\/www.grundschule-welheim.de\/wp-content\/uploads\/2024\/11\/d9ce5697-ac9c-45e8-9375-4b817de379de-225x300.jpg 225w, https:\/\/www.grundschule-welheim.de\/wp-content\/uploads\/2024\/11\/d9ce5697-ac9c-45e8-9375-4b817de379de-1152x1536.jpg 1152w, https:\/\/www.grundschule-welheim.de\/wp-content\/uploads\/2024\/11\/d9ce5697-ac9c-45e8-9375-4b817de379de.jpg 1200w\" sizes=\"auto, (max-width: 768px) 100vw, 768px\" \/><\/a><\/figure><\/li><li class=\"blocks-gallery-item\"><figure><a href=\"https:\/\/www.grundschule-welheim.de\/wp-content\/uploads\/2024\/11\/ed5fa1ce-c56b-433f-b1f5-e9b3d560b2dc-768x1024.jpg\"><img loading=\"lazy\" decoding=\"async\" width=\"768\" height=\"1024\" src=\"https:\/\/www.grundschule-welheim.de\/wp-content\/uploads\/2024\/11\/ed5fa1ce-c56b-433f-b1f5-e9b3d560b2dc-768x1024.jpg\" alt=\"\" data-id=\"3239\" data-link=\"https:\/\/www.grundschule-welheim.de\/?attachment_id=3239\" class=\"wp-image-3239\" srcset=\"https:\/\/www.grundschule-welheim.de\/wp-content\/uploads\/2024\/11\/ed5fa1ce-c56b-433f-b1f5-e9b3d560b2dc-768x1024.jpg 768w, https:\/\/www.grundschule-welheim.de\/wp-content\/uploads\/2024\/11\/ed5fa1ce-c56b-433f-b1f5-e9b3d560b2dc-225x300.jpg 225w, https:\/\/www.grundschule-welheim.de\/wp-content\/uploads\/2024\/11\/ed5fa1ce-c56b-433f-b1f5-e9b3d560b2dc-1152x1536.jpg 1152w, https:\/\/www.grundschule-welheim.de\/wp-content\/uploads\/2024\/11\/ed5fa1ce-c56b-433f-b1f5-e9b3d560b2dc.jpg 1200w\" sizes=\"auto, (max-width: 768px) 100vw, 768px\" \/><\/a><\/figure><\/li><li class=\"blocks-gallery-item\"><figure><a href=\"https:\/\/www.grundschule-welheim.de\/wp-content\/uploads\/2024\/11\/a458e120-b601-402b-ab59-dd70e62a0159-1024x768-1.jpg\"><img loading=\"lazy\" decoding=\"async\" width=\"1024\" height=\"768\" src=\"https:\/\/www.grundschule-welheim.de\/wp-content\/uploads\/2024\/11\/a458e120-b601-402b-ab59-dd70e62a0159-1024x768-1.jpg\" alt=\"\" data-id=\"3240\" data-full-url=\"https:\/\/www.grundschule-welheim.de\/wp-content\/uploads\/2024\/11\/a458e120-b601-402b-ab59-dd70e62a0159-1024x768-1.jpg\" data-link=\"https:\/\/www.grundschule-welheim.de\/?attachment_id=3240\" class=\"wp-image-3240\" srcset=\"https:\/\/www.grundschule-welheim.de\/wp-content\/uploads\/2024\/11\/a458e120-b601-402b-ab59-dd70e62a0159-1024x768-1.jpg 1024w, https:\/\/www.grundschule-welheim.de\/wp-content\/uploads\/2024\/11\/a458e120-b601-402b-ab59-dd70e62a0159-1024x768-1-300x225.jpg 300w, https:\/\/www.grundschule-welheim.de\/wp-content\/uploads\/2024\/11\/a458e120-b601-402b-ab59-dd70e62a0159-1024x768-1-768x576.jpg 768w\" sizes=\"auto, (max-width: 1024px) 100vw, 1024px\" \/><\/a><\/figure><\/li><\/ul><\/figure>\n","protected":false},"excerpt":{"rendered":"<p>Ab heute tragen wir stolz den Titel \u201eSchule ohne Rassismus \u2013 Schule mit Courage\u201c. Dieses Projekt steht f\u00fcr ein starkes gemeinsames Zeichen gegen Diskriminierung und f\u00fcr ein respektvolles Miteinander. Wir setzen uns aktiv daf\u00fcr ein, dass sich jeder in unserer &hellip; <\/p>\n","protected":false},"author":1,"featured_media":0,"parent":0,"menu_order":0,"comment_status":"closed","ping_status":"closed","template":"","meta":{"footnotes":""},"class_list":["post-3210","page","type-page","status-publish","hentry"],"_links":{"self":[{"href":"https:\/\/www.grundschule-welheim.de\/index.php?rest_route=\/wp\/v2\/pages\/3210","targetHints":{"allow":["GET"]}}],"collection":[{"href":"https:\/\/www.grundschule-welheim.de\/index.php?rest_route=\/wp\/v2\/pages"}],"about":[{"href":"https:\/\/www.grundschule-welheim.de\/index.php?rest_route=\/wp\/v2\/types\/page"}],"author":[{"embeddable":true,"href":"https:\/\/www.grundschule-welheim.de\/index.php?rest_route=\/wp\/v2\/users\/1"}],"replies":[{"embeddable":true,"href":"https:\/\/www.grundschule-welheim.de\/index.php?rest_route=%2Fwp%2Fv2%2Fcomments&post=3210"}],"version-history":[{"count":4,"href":"https:\/\/www.grundschule-welheim.de\/index.php?rest_route=\/wp\/v2\/pages\/3210\/revisions"}],"predecessor-version":[{"id":3241,"href":"https:\/\/www.grundschule-welheim.de\/index.php?rest_route=\/wp\/v2\/pages\/3210\/revisions\/3241"}],"wp:attachment":[{"href":"https:\/\/www.grundschule-welheim.de\/index.php?rest_route=%2Fwp%2Fv2%2Fmedia&parent=3210"}],"curies":[{"name":"wp","href":"https:\/\/api.w.org\/{rel}","templated":true}]}}